{"id":232,"date":"2016-04-11T13:37:44","date_gmt":"2016-04-11T11:37:44","guid":{"rendered":"http:\/\/www.auc.sk\/wordpress\/?page_id=232"},"modified":"2017-01-05T23:29:33","modified_gmt":"2017-01-05T21:29:33","slug":"koncerty","status":"publish","type":"page","link":"https:\/\/www.auc.sk\/index.php\/koncerty\/","title":{"rendered":"Z\u00e1znamy z koncertov"},"content":{"rendered":"<h3><strong>XXVII. ro\u010dn\u00edk Cyrilometodsk\u00fdch dn\u00ed v Terchovej<\/strong><\/h3>\n<p><strong>Program:<\/strong>&nbsp;<br \/>\nW. A. Mozart: Requiem<\/p>\n<p><strong>\u00da\u010dinkuj\u00faci:<\/strong><br \/>\nPezinsk\u00fd chr\u00e1mov\u00fd zbor AD UNA CORDA<br \/>\n\u0160t\u00e1tny komorn\u00fd orchester \u017dilina<br \/>\nS\u00f3la &#8211; N. Higano, J. Andelov\u00e1, J. Gr\u00e1f, M. Miku\u0161<br \/>\nDirigent &#8211; L. Sv\u00e1rovsk\u00fd<\/p>\n<h3><iframe loading=\"lazy\" src=\"https:\/\/www.youtube.com\/embed\/uTpSRwhhxPY\" width=\"854\" height=\"480\" frameborder=\"0\" allowfullscreen=\"allowfullscreen\"><\/iframe><\/h3>\n<p>&nbsp;<\/p>\n<h3><strong>Historick\u00e9 video z roku 1969<\/strong><\/h3>\n<p>\u00da\u010dinkovanie v Chr\u00e1me Premenenia P\u00e1na (doln\u00fd kostol)&nbsp;v Pezinku<br \/>\nDirigent zboru: Jarol\u00edm \u0160ipo\u0161 (otec s\u00fa\u010dasn\u00e9ho dirigenta, Mari\u00e1na \u0160ipo\u0161a)<br \/>\nVideoz\u00e1znam, ktor\u00fd sa zachoval bez zvukovej stopy.&nbsp;<\/p>\n<p><iframe loading=\"lazy\" title=\"Hist\u00f3ricke video zboru z roku 1969\" width=\"800\" height=\"600\" src=\"https:\/\/www.youtube.com\/embed\/atC1BHT6J2g?feature=oembed\" frameborder=\"0\" allow=\"accelerometer; autoplay; clipboard-write; encrypted-media; gyroscope; picture-in-picture; web-share\" referrerpolicy=\"strict-origin-when-cross-origin\" allowfullscreen><\/iframe><\/p>\n","protected":false},"excerpt":{"rendered":"<p>XXVII. ro\u010dn\u00edk Cyrilometodsk\u00fdch dn\u00ed v Terchovej Program:&nbsp; W. A. Mozart: Requiem \u00da\u010dinkuj\u00faci: Pezinsk\u00fd chr\u00e1mov\u00fd zbor AD UNA CORDA \u0160t\u00e1tny komorn\u00fd orchester \u017dilina S\u00f3la &#8211; N. Higano, J. Andelov\u00e1, J. Gr\u00e1f, <a class=\"read-more\" href=\"https:\/\/www.auc.sk\/index.php\/koncerty\/\">\u010c\u00edtajte viac<\/a><\/p>\n","protected":false},"author":1,"featured_media":0,"parent":0,"menu_order":0,"comment_status":"closed","ping_status":"closed","template":"","meta":{"ngg_post_thumbnail":0,"footnotes":""},"_links":{"self":[{"href":"https:\/\/www.auc.sk\/index.php\/wp-json\/wp\/v2\/pages\/232"}],"collection":[{"href":"https:\/\/www.auc.sk\/index.php\/wp-json\/wp\/v2\/pages"}],"about":[{"href":"https:\/\/www.auc.sk\/index.php\/wp-json\/wp\/v2\/types\/page"}],"author":[{"embeddable":true,"href":"https:\/\/www.auc.sk\/index.php\/wp-json\/wp\/v2\/users\/1"}],"replies":[{"embeddable":true,"href":"https:\/\/www.auc.sk\/index.php\/wp-json\/wp\/v2\/comments?post=232"}],"version-history":[{"count":6,"href":"https:\/\/www.auc.sk\/index.php\/wp-json\/wp\/v2\/pages\/232\/revisions"}],"predecessor-version":[{"id":963,"href":"https:\/\/www.auc.sk\/index.php\/wp-json\/wp\/v2\/pages\/232\/revisions\/963"}],"wp:attachment":[{"href":"https:\/\/www.auc.sk\/index.php\/wp-json\/wp\/v2\/media?parent=232"}],"curies":[{"name":"wp","href":"https:\/\/api.w.org\/{rel}","templated":true}]}}