{"id":1843,"date":"2026-01-27T16:17:57","date_gmt":"2026-01-27T15:17:57","guid":{"rendered":"https:\/\/www.auc.sk\/?post_type=tribe_events&#038;p=1843"},"modified":"2026-01-27T16:19:12","modified_gmt":"2026-01-27T15:19:12","slug":"cesty-k-sebe-xxv","status":"publish","type":"tribe_events","link":"https:\/\/www.auc.sk\/index.php\/event\/cesty-k-sebe-xxv\/","title":{"rendered":"CESTY K SEBE XXV."},"content":{"rendered":"<p><strong><img loading=\"lazy\" decoding=\"async\" class=\"alignleft wp-image-1844 size-large\" src=\"https:\/\/www.auc.sk\/wordpress\/wp-content\/uploads\/2026\/01\/CKS-XXV-plagat-A3-2026-724x1024.jpg\" alt=\"\" width=\"724\" height=\"1024\" srcset=\"https:\/\/www.auc.sk\/wordpress\/wp-content\/uploads\/2026\/01\/CKS-XXV-plagat-A3-2026-724x1024.jpg 724w, https:\/\/www.auc.sk\/wordpress\/wp-content\/uploads\/2026\/01\/CKS-XXV-plagat-A3-2026-212x300.jpg 212w, https:\/\/www.auc.sk\/wordpress\/wp-content\/uploads\/2026\/01\/CKS-XXV-plagat-A3-2026-768x1086.jpg 768w, https:\/\/www.auc.sk\/wordpress\/wp-content\/uploads\/2026\/01\/CKS-XXV-plagat-A3-2026-1086x1536.jpg 1086w, https:\/\/www.auc.sk\/wordpress\/wp-content\/uploads\/2026\/01\/CKS-XXV-plagat-A3-2026-1448x2048.jpg 1448w, https:\/\/www.auc.sk\/wordpress\/wp-content\/uploads\/2026\/01\/CKS-XXV-plagat-A3-2026-scaled.jpg 1810w\" sizes=\"(max-width: 724px) 100vw, 724px\" \/>Arcangello Corelli<\/strong><br \/>\nCONCERTO GROSSO D dur op. 6. \u010d. 4<\/p>\n<p><strong>Marek Spusta<\/strong><br \/>\nSTABAT MATER, kant\u00e1ta pre s\u00f3lo, zbor, klav\u00edr a sl\u00e1\u010dikov\u00fd orchester<\/p>\n<p><strong>\u00fa\u010dinkuj\u00fa:<br \/>\n<\/strong>Cappella Istropolitana<br \/>\nRobert Mare\u010dek, koncertn\u00fd majster<br \/>\nJudita Andelov\u00e1, mezzosopr\u00e1n<br \/>\nIvan Koska, klav\u00edr<br \/>\nAd Una Corda, pezinsk\u00fd chr\u00e1mov\u00fd zbor<strong><br \/>\n<\/strong>Mari\u00e1n \u0160ipo\u0161, dirigen<span style=\"font-size: 15px;\">t<\/span><\/p>\n<p>Benefi\u010dn\u00fd koncert Cesty k sebe dlhodobo patr\u00ed medzi najv\u00fdraznej\u0161ie aktivity pezinsk\u00e9ho chr\u00e1mov\u00e9ho zboru Ad Una Corda. Umeleck\u00e9 teleso sa sna\u017e\u00ed prostredn\u00edctvom koncertu pouk\u00e1za\u0165 na ochorenia det\u00ed, ktor\u00e9 s\u00edce nie s\u00fa vidite\u013en\u00e9 okom, av\u0161ak s\u00fa rovnako z\u00e1va\u017en\u00e9 ako poruchy telesn\u00e9. Z\u00e1rove\u0148 maj\u00fa Cesty k sebe aj umeleck\u00e9 amb\u00edcie, a to spr\u00edstup\u0148ova\u0165 verejnosti v meste, kde nes\u00eddli \u017eiadne profesion\u00e1lne hudobn\u00e9 teleso, v\u017edy nov\u00e9 vok\u00e1lno-in\u0161trument\u00e1lne diela.<\/p>\n<p><strong>Podujatie z verejn\u00fdch zdrojov podporil Hudobn\u00fd fond.<\/strong><\/p>\n","protected":false},"excerpt":{"rendered":"<p>Arcangello Corelli CONCERTO GROSSO D dur op. 6. \u010d. 4 Marek Spusta STABAT MATER, kant\u00e1ta pre s\u00f3lo, zbor, klav\u00edr a sl\u00e1\u010dikov\u00fd orchester \u00fa\u010dinkuj\u00fa: Cappella Istropolitana Robert Mare\u010dek, koncertn\u00fd majster Judita <a class=\"read-more\" href=\"https:\/\/www.auc.sk\/index.php\/event\/cesty-k-sebe-xxv\/\">\u010c\u00edtajte viac<\/a><\/p>\n","protected":false},"author":3,"featured_media":0,"template":"","meta":{"ngg_post_thumbnail":0,"_tribe_events_status":"","_tribe_events_status_reason":"","footnotes":""},"tags":[],"tribe_events_cat":[],"_links":{"self":[{"href":"https:\/\/www.auc.sk\/index.php\/wp-json\/wp\/v2\/tribe_events\/1843"}],"collection":[{"href":"https:\/\/www.auc.sk\/index.php\/wp-json\/wp\/v2\/tribe_events"}],"about":[{"href":"https:\/\/www.auc.sk\/index.php\/wp-json\/wp\/v2\/types\/tribe_events"}],"author":[{"embeddable":true,"href":"https:\/\/www.auc.sk\/index.php\/wp-json\/wp\/v2\/users\/3"}],"version-history":[{"count":2,"href":"https:\/\/www.auc.sk\/index.php\/wp-json\/wp\/v2\/tribe_events\/1843\/revisions"}],"predecessor-version":[{"id":1846,"href":"https:\/\/www.auc.sk\/index.php\/wp-json\/wp\/v2\/tribe_events\/1843\/revisions\/1846"}],"wp:attachment":[{"href":"https:\/\/www.auc.sk\/index.php\/wp-json\/wp\/v2\/media?parent=1843"}],"wp:term":[{"taxonomy":"post_tag","embeddable":true,"href":"https:\/\/www.auc.sk\/index.php\/wp-json\/wp\/v2\/tags?post=1843"},{"taxonomy":"tribe_events_cat","embeddable":true,"href":"https:\/\/www.auc.sk\/index.php\/wp-json\/wp\/v2\/tribe_events_cat?post=1843"}],"curies":[{"name":"wp","href":"https:\/\/api.w.org\/{rel}","templated":true}]}}